{"id":2226,"date":"2024-03-11T19:23:29","date_gmt":"2024-03-11T19:23:29","guid":{"rendered":"https:\/\/oecv.cv\/?page_id=2226"},"modified":"2024-04-08T19:05:48","modified_gmt":"2024-04-08T19:05:48","slug":"legislacao-e-normas","status":"publish","type":"page","link":"https:\/\/oecv.cv\/?page_id=2226","title":{"rendered":"Legisla\u00e7\u00e3o e Normas"},"content":{"rendered":"\t\t<div data-elementor-type=\"wp-page\" data-elementor-id=\"2226\" class=\"elementor elementor-2226\">\n\t\t\t\t<div class=\"elementor-element elementor-element-208d5a5f e-flex e-con-boxed e-con e-parent\" data-id=\"208d5a5f\" data-element_type=\"container\">\n\t\t\t\t\t<div class=\"e-con-inner\">\n\t\t\t\t<div class=\"elementor-element elementor-element-55aed8a8 elementor-widget elementor-widget-text-editor\" data-id=\"55aed8a8\" data-element_type=\"widget\" data-widget_type=\"text-editor.default\">\n\t\t\t\t<div class=\"elementor-widget-container\">\n\t\t\t\t\t\t\t\t\t<div class=\"widget-download-link-wrapper\">\n<div class=\"widget-download-icon\"><i class=\"fa fa-file-pdf-o\"><\/i>\n<\/div>\n<div class=\"widget-download-details\">\n<div class=\"widget-download-title\"><a href=\"https:\/\/oecv.cv\/wp-content\/uploads\/2024\/04\/Lei-de-Bases-Ordens-Profissionais.pdf\" target=\"_blank\" rel=\"noopener\">Lei de Bases Ordens Profissionais<\/a><\/p><\/b>&nbsp;\n<\/div>\n<\/div>\n<\/div>\n\n<div class=\"widget-download-link-wrapper\">\n<div class=\"widget-download-icon\"><i class=\"fa fa-file-pdf-o\"><\/i>\n<\/div>\n<div class=\"widget-download-details\">\n<div class=\"widget-download-title\"><a href=\"https:\/\/oecv.cv\/wp-content\/uploads\/2024\/04\/Aprova_o_Regime_Juridico_das_Empreitadas_de_Obras_Publicas.pdf\" target=\"_blank\" rel=\"noopener\">Aprova\u00e7\u00e3o do Regime Juridico das Empreitadas de Obras P\u00fablicas<\/a><\/p><\/b>&nbsp;\n<\/div>\n<\/div>\n<\/div>\n\n<div class=\"widget-download-link-wrapper\">\n<div class=\"widget-download-icon\"><i class=\"fa fa-file-pdf-o\"><\/i>\n<\/div>\n<div class=\"widget-download-details\">\n<div class=\"widget-download-title\"><a href=\"https:\/\/oecv.cv\/wp-content\/uploads\/2024\/04\/Avaliacao-Impacto-ambiental_novo_compressed.pdf\" target=\"_blank\" rel=\"noopener\">Avalia\u00e7\u00e3o do Impacto ambiental<\/a><\/p><\/b>&nbsp;\n<\/div>\n<\/div>\n<\/div>\t\t\t\t\t\t\t\t<\/div>\n\t\t\t\t<\/div>\n\t\t\t\t\t<\/div>\n\t\t\t\t<\/div>\n\t\t\t\t<\/div>\n\t\t","protected":false},"excerpt":{"rendered":"<p>Lei de Bases Ordens Profissionais &nbsp; Aprova\u00e7\u00e3o do Regime Juridico das Empreitadas de Obras P\u00fablicas &nbsp; Avalia\u00e7\u00e3o do Impacto ambiental &nbsp;<\/p>\n","protected":false},"author":1,"featured_media":0,"parent":0,"menu_order":0,"comment_status":"closed","ping_status":"closed","template":"","meta":{"_monsterinsights_skip_tracking":false,"_monsterinsights_sitenote_active":false,"_monsterinsights_sitenote_note":"","_monsterinsights_sitenote_category":0,"footnotes":""},"class_list":["post-2226","page","type-page","status-publish","hentry"],"aioseo_notices":[],"_links":{"self":[{"href":"https:\/\/oecv.cv\/index.php?rest_route=\/wp\/v2\/pages\/2226","targetHints":{"allow":["GET"]}}],"collection":[{"href":"https:\/\/oecv.cv\/index.php?rest_route=\/wp\/v2\/pages"}],"about":[{"href":"https:\/\/oecv.cv\/index.php?rest_route=\/wp\/v2\/types\/page"}],"author":[{"embeddable":true,"href":"https:\/\/oecv.cv\/index.php?rest_route=\/wp\/v2\/users\/1"}],"replies":[{"embeddable":true,"href":"https:\/\/oecv.cv\/index.php?rest_route=%2Fwp%2Fv2%2Fcomments&post=2226"}],"version-history":[{"count":14,"href":"https:\/\/oecv.cv\/index.php?rest_route=\/wp\/v2\/pages\/2226\/revisions"}],"predecessor-version":[{"id":2664,"href":"https:\/\/oecv.cv\/index.php?rest_route=\/wp\/v2\/pages\/2226\/revisions\/2664"}],"wp:attachment":[{"href":"https:\/\/oecv.cv\/index.php?rest_route=%2Fwp%2Fv2%2Fmedia&parent=2226"}],"curies":[{"name":"wp","href":"https:\/\/api.w.org\/{rel}","templated":true}]}}