{"id":2194,"date":"2024-03-11T18:59:50","date_gmt":"2024-03-11T18:59:50","guid":{"rendered":"https:\/\/oecv.cv\/?page_id=2194"},"modified":"2024-03-24T13:21:56","modified_gmt":"2024-03-24T13:21:56","slug":"missao-visao-e-valores","status":"publish","type":"page","link":"https:\/\/oecv.cv\/?page_id=2194","title":{"rendered":"Miss\u00e3o, Vis\u00e3o e Valores"},"content":{"rendered":"\t\t<div data-elementor-type=\"wp-page\" data-elementor-id=\"2194\" class=\"elementor elementor-2194\">\n\t\t\t\t<div class=\"elementor-element elementor-element-1c40810 e-flex e-con-boxed e-con e-parent\" data-id=\"1c40810\" data-element_type=\"container\">\n\t\t\t\t\t<div class=\"e-con-inner\">\n\t\t\t\t<div class=\"elementor-element elementor-element-f6d89e3 elementor-widget elementor-widget-text-editor\" data-id=\"f6d89e3\" data-element_type=\"widget\" data-widget_type=\"text-editor.default\">\n\t\t\t\t<div class=\"elementor-widget-container\">\n\t\t\t\t\t\t\t\t\t<p><strong>Miss\u00e3o:<\/strong> A nossa principal miss\u00e3o \u00e9 contribuir para o progresso da Engenharia de Cabo Verde, estimulando os esfor\u00e7os dos seus associados nos dom\u00ednios t\u00e9cnicos, cient\u00edficos profissional e social bem como o cumprimento das regras da \u00e9tica profissional.<\/p>\t\t\t\t\t\t\t\t<\/div>\n\t\t\t\t<\/div>\n\t\t\t\t\t<\/div>\n\t\t\t\t<\/div>\n\t\t<div class=\"elementor-element elementor-element-f3fcf88 e-flex e-con-boxed e-con e-parent\" data-id=\"f3fcf88\" data-element_type=\"container\">\n\t\t\t\t\t<div class=\"e-con-inner\">\n\t\t\t\t<div class=\"elementor-element elementor-element-1a399c2 elementor-widget elementor-widget-text-editor\" data-id=\"1a399c2\" data-element_type=\"widget\" data-widget_type=\"text-editor.default\">\n\t\t\t\t<div class=\"elementor-widget-container\">\n\t\t\t\t\t\t\t\t\t<p><strong>Vis\u00e3o:<\/strong> Nossa vis\u00e3o \u00e9 sermos reconhecidos como a principal institui\u00e7\u00e3o que lidera e representa a engenharia em Cabo Verde. Almejamos ser uma refer\u00eancia de excel\u00eancia profissional, \u00e9tica e responsabilidade social, promovendo a inova\u00e7\u00e3o e o desenvolvimento tecnol\u00f3gico em todas as \u00e1reas da engenharia. Desejamos sermos catalisadores de um ambiente colaborativo e inspirador, onde os engenheiros possam prosperar e contribuir significativamente para o progresso do pa\u00eds e da regi\u00e3o.<\/p>\t\t\t\t\t\t\t\t<\/div>\n\t\t\t\t<\/div>\n\t\t\t\t\t<\/div>\n\t\t\t\t<\/div>\n\t\t<div class=\"elementor-element elementor-element-703936f e-flex e-con-boxed e-con e-parent\" data-id=\"703936f\" data-element_type=\"container\">\n\t\t\t\t\t<div class=\"e-con-inner\">\n\t\t\t\t<div class=\"elementor-element elementor-element-2f23da9 elementor-widget elementor-widget-text-editor\" data-id=\"2f23da9\" data-element_type=\"widget\" data-widget_type=\"text-editor.default\">\n\t\t\t\t<div class=\"elementor-widget-container\">\n\t\t\t\t\t\t\t\t\t<p><strong>Valores:<\/strong><\/p>\n<ol>\n<li>\n<p><strong>Excel\u00eancia:<\/strong> Comprometemo-nos com os mais altos padr\u00f5es de qualidade, integridade e profissionalismo em todas as nossas atividades e servi\u00e7os.<\/p>\n<\/li>\n<li>\n<p><strong>\u00c9tica:<\/strong> Atuamos com honestidade, transpar\u00eancia e responsabilidade, respeitando os princ\u00edpios \u00e9ticos e morais em todas as nossas intera\u00e7\u00f5es e decis\u00f5es.<\/p>\n<\/li>\n<li>\n<p><strong>Inova\u00e7\u00e3o:<\/strong> Estimulamos a criatividade, o pensamento inovador e a busca por solu\u00e7\u00f5es tecnol\u00f3gicas avan\u00e7adas para enfrentar os desafios do presente e do futuro.<\/p>\n<\/li>\n<li>\n<p><strong>Colabora\u00e7\u00e3o:<\/strong> Valorizamos a coopera\u00e7\u00e3o, o trabalho em equipe e a troca de conhecimentos, reconhecendo que juntos podemos alcan\u00e7ar mais e criar um impacto positivo mais significativo.<\/p>\n<\/li>\n<li>\n<p><strong>Desenvolvimento Sustent\u00e1vel:<\/strong> Comprometemo-nos com a promo\u00e7\u00e3o de pr\u00e1ticas e solu\u00e7\u00f5es sustent\u00e1veis, que respeitem e protejam o meio ambiente e contribuam para o desenvolvimento equitativo e duradouro de Cabo Verde.<\/p>\n<\/li>\n<\/ol>\t\t\t\t\t\t\t\t<\/div>\n\t\t\t\t<\/div>\n\t\t\t\t\t<\/div>\n\t\t\t\t<\/div>\n\t\t\t\t<\/div>\n\t\t","protected":false},"excerpt":{"rendered":"<p>Miss\u00e3o: A nossa principal miss\u00e3o \u00e9 contribuir para o progresso da Engenharia de Cabo Verde, estimulando os esfor\u00e7os dos seus associados nos dom\u00ednios t\u00e9cnicos, cient\u00edficos profissional e social bem como o cumprimento das regras da \u00e9tica profissional. Vis\u00e3o: Nossa vis\u00e3o \u00e9 sermos reconhecidos como a principal institui\u00e7\u00e3o<\/p>\n","protected":false},"author":1,"featured_media":2054,"parent":0,"menu_order":0,"comment_status":"closed","ping_status":"open","template":"","meta":{"_monsterinsights_skip_tracking":false,"_monsterinsights_sitenote_active":false,"_monsterinsights_sitenote_note":"","_monsterinsights_sitenote_category":0,"footnotes":""},"class_list":["post-2194","page","type-page","status-publish","has-post-thumbnail","hentry"],"aioseo_notices":[],"_links":{"self":[{"href":"https:\/\/oecv.cv\/index.php?rest_route=\/wp\/v2\/pages\/2194","targetHints":{"allow":["GET"]}}],"collection":[{"href":"https:\/\/oecv.cv\/index.php?rest_route=\/wp\/v2\/pages"}],"about":[{"href":"https:\/\/oecv.cv\/index.php?rest_route=\/wp\/v2\/types\/page"}],"author":[{"embeddable":true,"href":"https:\/\/oecv.cv\/index.php?rest_route=\/wp\/v2\/users\/1"}],"replies":[{"embeddable":true,"href":"https:\/\/oecv.cv\/index.php?rest_route=%2Fwp%2Fv2%2Fcomments&post=2194"}],"version-history":[{"count":8,"href":"https:\/\/oecv.cv\/index.php?rest_route=\/wp\/v2\/pages\/2194\/revisions"}],"predecessor-version":[{"id":2610,"href":"https:\/\/oecv.cv\/index.php?rest_route=\/wp\/v2\/pages\/2194\/revisions\/2610"}],"wp:featuredmedia":[{"embeddable":true,"href":"https:\/\/oecv.cv\/index.php?rest_route=\/wp\/v2\/media\/2054"}],"wp:attachment":[{"href":"https:\/\/oecv.cv\/index.php?rest_route=%2Fwp%2Fv2%2Fmedia&parent=2194"}],"curies":[{"name":"wp","href":"https:\/\/api.w.org\/{rel}","templated":true}]}}